{"id":24773,"date":"2018-11-07T17:18:46","date_gmt":"2018-11-07T16:18:46","guid":{"rendered":"https:\/\/urquiza.com\/?page_id=24773"},"modified":"2026-01-15T21:58:58","modified_gmt":"2026-01-15T20:58:58","slug":"urquiza_tango_productions","status":"publish","type":"page","link":"https:\/\/urquiza.com\/index.php\/urquiza_tango_productions\/","title":{"rendered":"Urquiza Tango Productions"},"content":{"rendered":"<div class=\"wpb-content-wrapper\"><p>[vc_row css_animation=&#8220;&#8220; row_type=&#8220;row&#8220; use_row_as_full_screen_section=&#8220;no&#8220; type=&#8220;full_width&#8220; text_align=&#8220;left&#8220;][vc_column][vc_column_text css=&#8220;.vc_custom_1691682938589&#8220;]<\/p>\n<h2 style=\"font-size: 25px; letter-spacing: 0.05em; text-align: center;\"><span style=\"color: #000000;\">URQUIZA TANGO PRODUCTIONS bringt Tango Kunst und Kultur auf die gro\u00dfe und kleine B\u00fchne<\/span><span style=\"color: #000000;\"><br \/>\n<\/span><\/h2>\n<p>[\/vc_column_text][\/vc_column][\/vc_row][vc_row css_animation=&#8220;&#8220; row_type=&#8220;row&#8220; use_row_as_full_screen_section=&#8220;no&#8220; type=&#8220;full_width&#8220; text_align=&#8220;left&#8220; css=&#8220;.vc_custom_1541607956712{padding-right: 20px !important;padding-left: 20px !important;}&#8220;][vc_column][vc_empty_space height=&#8220;3em&#8220;][vc_column_text css=&#8220;.vc_custom_1764595354745{padding-top: 1px !important;padding-right: 20px !important;padding-bottom: 1px !important;padding-left: 20px !important;}&#8220;]<\/p>\n<p style=\"text-align: center; font-size: 25px; letter-spacing: 0.05em;\"><span lang=\"de\" style=\"color: #873003;\">Tango, Pasi\u00f3n de Buenos Aires<\/span><\/p>\n<p>[\/vc_column_text][vc_empty_space height=&#8220;3em&#8220;][\/vc_column][\/vc_row][vc_row css_animation=&#8220;&#8220; row_type=&#8220;row&#8220; use_row_as_full_screen_section=&#8220;no&#8220; type=&#8220;full_width&#8220; text_align=&#8220;left&#8220; css=&#8220;.vc_custom_1764621405305{padding-right: 20px !important;padding-left: 20px !important;background-color: #F2F2F2 !important;}&#8220;][vc_column width=&#8220;1\/2&#8243;][vc_column_text css=&#8220;.vc_custom_1768510683758{padding-top: 20px !important;padding-right: 40px !important;padding-bottom: 20px !important;padding-left: 40px !important;}&#8220;]<\/p>\n<p style=\"text-align: left; color: #000000; font-size: 1.5em; line-height: 1.5em;\">Der argentinische Choreograf und T\u00e4nzer <strong>Chiche N\u00fa\u00f1ez<\/strong> pr\u00e4sentiert den Tango als Medium f\u00fcr tiefe Emotionen und als Begleiter poetischer St\u00fccke \u00fcber ein vergangenes, aber stets lebendiges Argentinien. Traditionelle und Piazzollas Musik lassen die Milonga, die Pampa und die Stra\u00dfen von Buenos Aires in der Berliner Nacht wiederaufleben. Die Auff\u00fchrung wechselt zwischen Melancholie und Freude, in einem spielerischen Dialog aller K\u00fcnstler*innen: K\u00f6rper, Stimme und Instrumente spielen miteinander und bieten eine pers\u00f6nliche Interpretation von Poesie und Musik, die am Rio de la Plata geboren wurden und universell die Komplexit\u00e4t der menschlichen Erfahrung widerspiegeln.<\/p>\n<p>&nbsp;<\/p>\n<p style=\"text-align: left; color: #000000; font-size: 1.5em; line-height: 1.5em;\"><a href=\"https:\/\/pfefferberg-theater.de\/spielplan\/kalender\/\">N\u00c4CHSTER TERMIN: 24.05.2026 im Pfefferberg Theater!<\/a><\/p>\n<p>&nbsp;<\/p>\n<p>&nbsp;<\/p>\n<p style=\"text-align: left; color: #000000; font-size: 1.5em; line-height: 1.5em;\"><a href=\"https:\/\/urquiza.com\/wp-content\/uploads\/2025\/12\/Tango-Pasion-de-BA_Texte.pdf\">Hier geht es zu den Texten (original und Deutsch)<\/a><\/p>\n<p>[\/vc_column_text][\/vc_column][vc_column width=&#8220;1\/2&#8243;][vc_single_image image=&#8220;28689&#8243; img_size=&#8220;full&#8220; alignment=&#8220;right&#8220; onclick=&#8220;img_link_large&#8220; css=&#8220;&#8220; qode_css_animation=&#8220;&#8220;][\/vc_column][\/vc_row][vc_row css_animation=&#8220;&#8220; row_type=&#8220;row&#8220; use_row_as_full_screen_section=&#8220;no&#8220; type=&#8220;full_width&#8220; text_align=&#8220;left&#8220; css=&#8220;.vc_custom_1541607956712{padding-right: 20px !important;padding-left: 20px !important;}&#8220;][vc_column][vc_empty_space height=&#8220;3em&#8220;][vc_column_text css=&#8220;.vc_custom_1734370266693{padding-top: 1px !important;padding-right: 20px !important;padding-bottom: 1px !important;padding-left: 20px !important;}&#8220;]<\/p>\n<p style=\"text-align: center; font-size: 25px; letter-spacing: 0.05em;\"><span lang=\"de\" style=\"color: #873003;\">Von Borges bis Piazzolla &#8211; ein Tango Abend<\/span><\/p>\n<p>[\/vc_column_text][vc_empty_space height=&#8220;3em&#8220;][\/vc_column][vc_column][\/vc_column][\/vc_row][vc_row css_animation=&#8220;&#8220; row_type=&#8220;row&#8220; use_row_as_full_screen_section=&#8220;no&#8220; type=&#8220;full_width&#8220; text_align=&#8220;left&#8220; css=&#8220;.vc_custom_1541473481998{background-color: #f2f2f2 !important;}&#8220;][vc_column width=&#8220;1\/2&#8243;][vc_column_text css=&#8220;.vc_custom_1734371545122{padding-top: 20px !important;padding-right: 40px !important;padding-bottom: 20px !important;padding-left: 40px !important;}&#8220;]<\/p>\n<h3 style=\"text-align: left; color: #000000; font-size: 1.5em; line-height: 1.5em;\"><span lang=\"de\">Zwei gro\u00dfe Namen der argentinischen Kultur und Kunst zeigen uns die ersten Schritte des Tangos bis in die Gegenwart, in seiner zeitgen\u00f6ssischen Mischung mit Jazz und anderen experimentellen Kunstformen<\/span><\/h3>\n<p>&nbsp;<\/p>\n<p style=\"text-align: left; color: #000000; font-size: 1.5em; line-height: 1.5em;\">Die Milonga, die Pampa, die Stra\u00dfen von Buenos Aires leben in Borges&#8216; Worten wieder auf und hallen in der Berliner Nacht nach, wo sie f\u00fcr jeden Zuschauer eine pers\u00f6nliche und neue Bedeutung erlangen. Die Tiefe und der Reichtum von Piazzollas Musik vervollst\u00e4ndigen dieses Bild und erinnern uns daran, wie lebendig und pr\u00e4sent der Tango heute ist, sowohl in seinem popul\u00e4ren Sinn als auch als hoher kultureller und k\u00fcnstlerischer Ausdruck.<\/p>\n<p>[\/vc_column_text][\/vc_column][vc_column width=&#8220;1\/2&#8243;][vc_single_image image=&#8220;30980&#8243; img_size=&#8220;full&#8220; alignment=&#8220;right&#8220; onclick=&#8220;img_link_large&#8220; qode_css_animation=&#8220;&#8220;][\/vc_column][\/vc_row][vc_row css_animation=&#8220;&#8220; row_type=&#8220;row&#8220; use_row_as_full_screen_section=&#8220;no&#8220; type=&#8220;full_width&#8220; text_align=&#8220;left&#8220; css=&#8220;.vc_custom_1541607956712{padding-right: 20px !important;padding-left: 20px !important;}&#8220;][vc_column][vc_empty_space height=&#8220;3em&#8220;][vc_column_text css=&#8220;.vc_custom_1734370501426{padding-top: 1px !important;padding-right: 20px !important;padding-bottom: 1px !important;padding-left: 20px !important;}&#8220;]<\/p>\n<p style=\"text-align: center; font-size: 25px; letter-spacing: 0.05em;\"><span lang=\"de\" style=\"color: #873003;\">Das Geheime Wunder<\/span><\/p>\n<p>[\/vc_column_text][vc_empty_space height=&#8220;3em&#8220;][\/vc_column][\/vc_row][vc_row css_animation=&#8220;&#8220; row_type=&#8220;row&#8220; use_row_as_full_screen_section=&#8220;no&#8220; type=&#8220;full_width&#8220; text_align=&#8220;left&#8220; css=&#8220;.vc_custom_1541473481998{background-color: #f2f2f2 !important;}&#8220;][vc_column width=&#8220;1\/2&#8243;][vc_column_text css=&#8220;.vc_custom_1732360719259{padding-top: 20px !important;padding-right: 40px !important;padding-bottom: 20px !important;padding-left: 40px !important;}&#8220;]<\/p>\n<h3 style=\"text-align: left; color: #000000; font-size: 1.5em; line-height: 1.5em;\"><span lang=\"de\">Urquiza Tango Productions arbeitete intensiv an der b\u00fchnenreifen Entwicklung der ber\u00fchmten Erz\u00e4hlung &#8222;Das Geheime Wunder&#8220; von Jorge Lu\u00eds Borges, (&#8222;Ficciones&#8220;)<\/span><\/h3>\n<p>&nbsp;<\/p>\n<p style=\"text-align: left; color: #000000; font-size: 1.5em; line-height: 1.5em;\">Die Frage nach der Freiheit des Menschen und der Kunst ist Leitmotiv dieser zeitlosen und bewegenden Geschichte. Im Rahmen einer K\u00fcnstlerresidenz im Chateu de Monthelon in Frankreich haben die K\u00fcnstler Ester Duarte, Lavinia Torrebruno und Chiche Nunez die ersten Schritte auf dem Weg einer Theater- und Videoproduktion, vom Tango geleiten und begleitet. Ein Kurzausschnitt mit Tango-Auftritt gilt hier als Vorgeschmack&#8230;<\/p>\n<p>[\/vc_column_text][\/vc_column][vc_column width=&#8220;1\/2&#8243;][vc_single_image image=&#8220;29862&#8243; img_size=&#8220;full&#8220; alignment=&#8220;right&#8220; onclick=&#8220;img_link_large&#8220; qode_css_animation=&#8220;&#8220;][\/vc_column][\/vc_row][vc_row css_animation=&#8220;&#8220; row_type=&#8220;row&#8220; use_row_as_full_screen_section=&#8220;no&#8220; type=&#8220;full_width&#8220; text_align=&#8220;left&#8220; css=&#8220;.vc_custom_1541607956712{padding-right: 20px !important;padding-left: 20px !important;}&#8220;][vc_column][vc_empty_space height=&#8220;3em&#8220;][vc_video link=&#8220;https:\/\/youtu.be\/ZOfSDduPTUA?si=29LO8_K4ueccpM7O&#8220; align=&#8220;center&#8220;][vc_empty_space height=&#8220;3em&#8220;][vc_column_text css=&#8220;.vc_custom_1691682954241{padding-top: 1px !important;padding-right: 20px !important;padding-bottom: 1px !important;padding-left: 20px !important;}&#8220;]<\/p>\n<p style=\"text-align: center; font-size: 25px; letter-spacing: 0.05em;\"><span lang=\"de\" style=\"color: #873003;\">Kurzfilm &#8222;A Dancer&#8217;s Day&#8220;<\/span><\/p>\n<p>[\/vc_column_text][vc_empty_space height=&#8220;3em&#8220;][\/vc_column][\/vc_row][vc_row css_animation=&#8220;&#8220; row_type=&#8220;row&#8220; use_row_as_full_screen_section=&#8220;no&#8220; type=&#8220;full_width&#8220; text_align=&#8220;left&#8220; css=&#8220;.vc_custom_1541473481998{background-color: #f2f2f2 !important;}&#8220;][vc_column width=&#8220;1\/2&#8243;][vc_column_text css=&#8220;.vc_custom_1682886744402{padding-top: 20px !important;padding-right: 40px !important;padding-bottom: 20px !important;padding-left: 40px !important;}&#8220;]<\/p>\n<h3 style=\"text-align: left; color: #000000; font-size: 1.5em; line-height: 1.5em;\"><span lang=\"de\">Die Kurzdoku &#8222;A Dancer&#8217;s Day&#8220; kratz an der Oberfl\u00e4che der Routine und l\u00e4sst die Lebenskunst durchblicken\u00a0<\/span><\/h3>\n<p>&nbsp;<\/p>\n<p style=\"text-align: left; color: #000000; font-size: 1.5em; line-height: 1.5em;\">Eine achtminutige Hommage der ungezwungene Achtsamkeit, welche das Alltagseben des K\u00fcnstlers Chiche Nunez durchdringt.<\/p>\n<p style=\"text-align: left; color: #000000; font-size: 1.5em; line-height: 1.5em;\">Das minimalistische Werk bringt die Augen zum Ruhen und die Gedanken zum Fliegen &#8211; ganz nebenbei und wie unbeabsichtigt ohne Worte, ohne Musik und voller Klang. Diese kleine, unpr\u00e4tenti\u00f6se Produktion hat bereits mehrere Filmfestivals \u00fcberzeugt (Finalist in Serbest International Film Festival 2022, Semi-Finalist in Near Nazareth Festival) und wurde im renommierten Berlin LiftOff Online Festival pr\u00e4sentiert.<\/p>\n<p>[\/vc_column_text][\/vc_column][vc_column width=&#8220;1\/2&#8243;][vc_single_image image=&#8220;29070&#8243; img_size=&#8220;full&#8220; alignment=&#8220;right&#8220; onclick=&#8220;img_link_large&#8220; qode_css_animation=&#8220;&#8220;][\/vc_column][\/vc_row][vc_row css_animation=&#8220;&#8220; row_type=&#8220;row&#8220; use_row_as_full_screen_section=&#8220;no&#8220; type=&#8220;full_width&#8220; text_align=&#8220;left&#8220;][vc_column][vc_empty_space height=&#8220;4em&#8220; css=&#8220;.vc_custom_1694702525982{background-color: #f2f2f2 !important;}&#8220;][vc_video link=&#8220;https:\/\/youtu.be\/7-flEMViCpE&#8220; align=&#8220;center&#8220;][vc_empty_space height=&#8220;4em&#8220; css=&#8220;.vc_custom_1694702525982{background-color: #f2f2f2 !important;}&#8220;][\/vc_column][\/vc_row][vc_row css_animation=&#8220;&#8220; row_type=&#8220;row&#8220; use_row_as_full_screen_section=&#8220;no&#8220; type=&#8220;full_width&#8220; text_align=&#8220;left&#8220; el_id=&#8220;coneltango&#8220;][vc_column][vc_empty_space height=&#8220;4em&#8220;][vc_column_text css=&#8220;.vc_custom_1682887347469{padding-top: 1px !important;padding-right: 20px !important;padding-bottom: 1px !important;padding-left: 20px !important;}&#8220;]<\/p>\n<p style=\"text-align: center; font-size: 25px; letter-spacing: 0.05em;\"><span lang=\"de\" style=\"color: #873003;\">&#8222;Con El Tango&#8220;: rau, echt und voller Leben<\/span><\/p>\n<p>[\/vc_column_text][vc_empty_space height=&#8220;4em&#8220;][\/vc_column][\/vc_row][vc_row css_animation=&#8220;&#8220; row_type=&#8220;row&#8220; use_row_as_full_screen_section=&#8220;no&#8220; type=&#8220;full_width&#8220; text_align=&#8220;left&#8220; css=&#8220;.vc_custom_1541473481998{background-color: #f2f2f2 !important;}&#8220;][vc_column width=&#8220;1\/2&#8243;][vc_video link=&#8220;https:\/\/vimeo.com\/393948745\/d2915368c4&#8243; align=&#8220;center&#8220;][vc_column_text css=&#8220;.vc_custom_1632234376997{padding-top: 20px !important;padding-right: 40px !important;padding-bottom: 20px !important;padding-left: 40px !important;}&#8220;]<\/p>\n<h3 style=\"text-align: left; color: #000000; font-size: 1.5em; line-height: 1.5em;\"><span lang=\"de\">Der Film &#8222;Con El Tango&#8220; erz\u00e4hlt die Geschichte des Paares Chiche N\u00fa\u00f1ez und Ester Duarte und deren Salon Urquiza in Berlin<\/span><\/h3>\n<p>&nbsp;<\/p>\n<p style=\"text-align: left; color: #000000; font-size: 1.5em; line-height: 1.5em;\"><span lang=\"de\">Was passiert mit dem Selbstgef\u00fchl und dem Tanz, wenn man seine Heimat verlassen hat? Das ist die Frage, die beide besch\u00e4ftigt, als sie sich auf der Suche nach einer pers\u00f6nlichen Heimat befinden.<\/span><\/p>\n<p>&nbsp;<\/p>\n<p style=\"text-align: left; color: #000000; font-size: 1.5em; line-height: 1.5em;\"><span lang=\"de\"> Chiche und Ester er\u00f6ffnen den Salon Urquiza in Berlin, wo sie ein Zuhause bauen und den Urquiza-Stil schaffen wollen. Gleichzeitig bew\u00e4hren sich beide als T\u00e4nzer auf internationalen B\u00fchnen, sie unterrichten, organisieren Milongas, werden Eltern, schlie\u00dfen den Salon, verlieren und finden sich wieder.<\/span><\/p>\n<p>&nbsp;<\/p>\n<p style=\"text-align: left; color: #000000; font-size: 1.5em; line-height: 1.5em;\"><span lang=\"de\">Der Film begleitet das Tanz- und Liebespaar durch seines Lebens mit dem Tango. <span style=\"color: #000000;\">Nach fast 15 J\u00e4hren Aufnahmen, Feinarbeit und sehr viel Reisen sind wir unendlich stolz diesen Film euch vorstellen zu k\u00f6nnen.<\/span><\/span><\/p>\n<p>[\/vc_column_text][\/vc_column][vc_column width=&#8220;1\/2&#8243;][vc_single_image image=&#8220;28115&#8243; img_size=&#8220;full&#8220; alignment=&#8220;right&#8220; onclick=&#8220;img_link_large&#8220; qode_css_animation=&#8220;&#8220;][\/vc_column][\/vc_row][vc_row css_animation=&#8220;&#8220; row_type=&#8220;row&#8220; use_row_as_full_screen_section=&#8220;no&#8220; type=&#8220;full_width&#8220; text_align=&#8220;left&#8220;][vc_column][vc_empty_space height=&#8220;4em&#8220;][\/vc_column][\/vc_row][vc_row css_animation=&#8220;&#8220; row_type=&#8220;row&#8220; use_row_as_full_screen_section=&#8220;no&#8220; type=&#8220;full_width&#8220; text_align=&#8220;left&#8220; css=&#8220;.vc_custom_1632234276778{background-color: #f2f2f2 !important;}&#8220;][vc_column][vc_column_text css=&#8220;.vc_custom_1654605206898{padding-top: 20px !important;padding-right: 40px !important;padding-bottom: 20px !important;padding-left: 40px !important;}&#8220;]<\/p>\n<h3 style=\"text-align: left; color: #000000; font-size: 1.5em; line-height: 1.5em;\"><span lang=\"de\">Was bisher geschah &#8211; Preise, Film Festivals und die Entstehung des Filmes &#8222;Con El Tango&#8220; aktuelle Nachrichten<\/span><\/h3>\n<p style=\"text-align: left; color: #000000; font-size: 1.5em; line-height: 1.5em;\"><span lang=\"de\">Letzte Meldung:<\/span><\/p>\n<p style=\"text-align: left; color: #000000; font-size: 1.5em; line-height: 1.5em;\"><span lang=\"de\">Endlich! am 2. Juni 2022 konnte die gro\u00dfe Familie von &#8222;Con el Tango&#8220; gemeinsam in Berlin, die Heimat dieser Geschichte, eine wundervolle Avant Premiere im &#8222;Il Kino&#8220; in Kreuzberg. Noch sch\u00f6ner f\u00fcr alle Beteiligte: der Film wurde im Programm des renommierten Berliner Tango Community Festival &#8222;Embrace&#8220; aufgenommen. Gleich zwei Vorstellungen konnten angeboten werden, beide wurden von Freunden und Fachleuten gef\u00fcllt. Die Gespr\u00e4che gingen bis sp\u00e4t in die Nacht, die feierliche Stimmung klingt erst nach 1 Uhr langsam aus. Ester Duarte, Judith Albrecht und Chiche Nunez konnten sich wiedersehen und deren Sicht und Empfindungen Preis geben. Ein unvergesslicher Abend, und gleich geht die Reise weiter: &#8222;Con el Tango&#8220; wurde erneut zu einem internationalen Festival aufgenommen, diesmal in Tokio Lift-Off Film Festival 2022. Hier erfahrt ihr was passieren wird&#8230;<\/span><\/p>\n<p style=\"text-align: left; color: #000000; font-size: 1.5em; line-height: 1.5em;\"><span lang=\"de\">Und was bisher geschah:<\/span><\/p>\n<p style=\"text-align: left; color: #000000; font-size: 1.5em; line-height: 1.5em;\"><span lang=\"de\">Unser Film wurde im April 2020 fertiggestellt. Geplant war eine glamour\u00f6se Premiere f\u00fcr Pfingsten 2020, welche auf Grund der weltweiten Situation nicht stattfinden konnte. Wir haben uns nicht runterkriegen lassen: wir haben den Weg der internationalen Festivals geschlagen. Die Hoffnung auf eine baldige Premiere-M\u00f6glichkeit bleibt, sobald die Umst\u00e4nde es erlauben. <\/span><\/p>\n<p style=\"text-align: left; color: #000000; font-size: 1.5em; line-height: 1.5em;\"><span lang=\"de\">Auftakt war in D\u00e4nemark: der Film wurde als Hauptevent im Rahmen des <a href=\"https:\/\/www.jewishculture.dk\/\">Jewish Culture Festival<\/a> im Zentrum von Kopenhagen vorgestellt. Nach der Vorstellung wurden die Hauptakteure Ester Duarte und Chiche Nunez interviewt und haben Publikumsfragen beantworten, bevor alle zu einer famili\u00e4ren Milonga eingeladen wurden.<\/span><\/p>\n<p style=\"text-align: left; color: #000000; font-size: 1.5em; line-height: 1.5em;\">So ging die Reise des Films doch weiter: im M\u00e4rz 2021 erhielten wir unsere erste Aufzeichnung als bester Dokumentar Film bei dem <a href=\"https:\/\/filmfreeway.com\/SFAAFCHILE\">South Film and Arts Academy Festival<\/a> from Chile. Im Juni kam dazu eine ehrenhafte Nennung bei den <a href=\"https:\/\/filmfreeway.com\/ARFFParis\">2021 ARFF Paris \/\/ International Awards<\/a> in der Kategorie bester Dokumentar Film. Und als Letztes im Juli 2021 erreichte uns die gro\u00dfartige Nachricht aus dem renommierten Indipendent-Film-Festival <a href=\"https:\/\/filmfreeway.com\/MarinadelReyFilmFestival\">Marina del Rey Film Festival\u00ae<\/a> in Los Angeles, Kalifornien, dass unser Dokumentarfilm als bester Dokumentar Film in fremder Sprache ausgezeichnet wurde.<\/p>\n<p style=\"text-align: left; color: #000000; font-size: 1.5em; line-height: 1.5em;\">Besonders pers\u00f6nlich wirkte die Avant Premiere in Wien, wo die Regisseurin Judith Albrecht zuhause ist, im Metro Kinokultuhaus am 26. Februar 2022. Neben Freunden waren viele Interessierte und Fachleute da, um zu feiern und mehr \u00fcber die Entstehungsgeschichte des Dokumentars zu erfahren.<\/p>\n<p style=\"text-align: left; color: #000000; font-size: 1.5em; line-height: 1.5em;\">Was f\u00fcr eine Freude, die Lorbeeren \u00fcber Instagram und Facebook mit euch teilen zu k\u00f6nnen!<\/p>\n<p style=\"text-align: left; color: #000000; font-size: 1.5em; line-height: 1.5em;\">Nach circa 10 Jahre Drehe Arbeiten, 3 Jahre Postproduktion und anderthalb Jahre eingeschr\u00e4nkter M\u00f6glichkeiten f\u00fcr die Verbreitung von unabh\u00e4ngigen Filmen, blicken wir sehr dankbar und zuversichtlich in die Zukunft und erf\u00fcllt in die Vergangenheit.<\/p>\n<p style=\"text-align: left; color: #000000; font-size: 1.5em; line-height: 1.5em;\">Um alle Neuigkeiten zu erfahren k\u00f6nnt\u00a0 ihr unseren <a href=\"http:\/\/eepurl.com\/dLMk1w\">Newsletter abonnieren<\/a>\u00a0und uns auf unserer <a href=\"https:\/\/www.facebook.com\/Urquiza-%C7%80-Tango-Argentino-90209322341\">Urquiza-Facebook-Seite<\/a> und unserem <a href=\"https:\/\/www.instagram.com\/urquiza_tango_berlin\/\">Instagram-Konto<\/a> folgen.<\/p>\n<p>[\/vc_column_text][\/vc_column][\/vc_row][vc_row css_animation=&#8220;&#8220; row_type=&#8220;row&#8220; use_row_as_full_screen_section=&#8220;no&#8220; type=&#8220;full_width&#8220; text_align=&#8220;left&#8220;][vc_column][vc_empty_space height=&#8220;4em&#8220;][\/vc_column][\/vc_row][vc_row css_animation=&#8220;&#8220; row_type=&#8220;row&#8220; use_row_as_full_screen_section=&#8220;no&#8220; type=&#8220;full_width&#8220; text_align=&#8220;left&#8220;][vc_column][vc_gallery type=&#8220;image_grid&#8220; images=&#8220;27592,27594,27612,27588,27606,27600,27602,27604,27608,27614,27586,27610&#8243; img_size=&#8220;large&#8220; onclick=&#8220;&#8220; column_number=&#8220;3&#8243; grayscale=&#8220;no&#8220; space_between_images=&#8220;no&#8220;][\/vc_column][\/vc_row]<\/p>\n<\/div>","protected":false},"excerpt":{"rendered":"<p>[vc_row css_animation=&#8220;&#8220; row_type=&#8220;row&#8220; use_row_as_full_screen_section=&#8220;no&#8220; type=&#8220;full_width&#8220; text_align=&#8220;left&#8220;][vc_column][vc_column_text css=&#8220;.vc_custom_1691682938589&#8220;] URQUIZA TANGO PRODUCTIONS bringt Tango Kunst und Kultur auf die gro\u00dfe und kleine B\u00fchne [\/vc_column_text][\/vc_column][\/vc_row][vc_row css_animation=&#8220;&#8220; row_type=&#8220;row&#8220; use_row_as_full_screen_section=&#8220;no&#8220; type=&#8220;full_width&#8220; text_align=&#8220;left&#8220; css=&#8220;.vc_custom_1541607956712{padding-right: 20px !important;padding-left: 20px !important;}&#8220;][vc_column][vc_empty_space height=&#8220;3em&#8220;][vc_column_text css=&#8220;.vc_custom_1764595354745{padding-top: 1px !important;padding-right: 20px !important;padding-bottom: 1px !important;padding-left: 20px !important;}&#8220;] Tango, Pasi\u00f3n de&#8230;<\/p>\n","protected":false},"author":1,"featured_media":0,"parent":0,"menu_order":0,"comment_status":"closed","ping_status":"closed","template":"full_width.php","meta":{"footnotes":""},"class_list":["post-24773","page","type-page","status-publish","hentry"],"_links":{"self":[{"href":"https:\/\/urquiza.com\/index.php\/wp-json\/wp\/v2\/pages\/24773","targetHints":{"allow":["GET"]}}],"collection":[{"href":"https:\/\/urquiza.com\/index.php\/wp-json\/wp\/v2\/pages"}],"about":[{"href":"https:\/\/urquiza.com\/index.php\/wp-json\/wp\/v2\/types\/page"}],"author":[{"embeddable":true,"href":"https:\/\/urquiza.com\/index.php\/wp-json\/wp\/v2\/users\/1"}],"replies":[{"embeddable":true,"href":"https:\/\/urquiza.com\/index.php\/wp-json\/wp\/v2\/comments?post=24773"}],"version-history":[{"count":74,"href":"https:\/\/urquiza.com\/index.php\/wp-json\/wp\/v2\/pages\/24773\/revisions"}],"predecessor-version":[{"id":31675,"href":"https:\/\/urquiza.com\/index.php\/wp-json\/wp\/v2\/pages\/24773\/revisions\/31675"}],"wp:attachment":[{"href":"https:\/\/urquiza.com\/index.php\/wp-json\/wp\/v2\/media?parent=24773"}],"curies":[{"name":"wp","href":"https:\/\/api.w.org\/{rel}","templated":true}]}}